{"id":813,"date":"2021-11-17T08:35:38","date_gmt":"2021-11-17T08:35:38","guid":{"rendered":"https:\/\/endo.ba\/?page_id=813"},"modified":"2021-11-17T08:39:20","modified_gmt":"2021-11-17T08:39:20","slug":"novosti","status":"publish","type":"page","link":"https:\/\/endo.ba\/en\/novosti\/","title":{"rendered":"News"},"content":{"rendered":"<div data-elementor-type=\"wp-page\" data-elementor-id=\"813\" class=\"elementor elementor-813\" data-elementor-post-type=\"page\">\n\t\t\t\t\t\t<section class=\"elementor-section elementor-top-section elementor-element elementor-element-1b17acf elementor-section-full_width elementor-section-height-default elementor-section-height-default\" data-id=\"1b17acf\" data-element_type=\"section\" data-settings=\"{&quot;background_background&quot;:&quot;gradient&quot;}\">\n\t\t\t\t\t\t<div class=\"elementor-container elementor-column-gap-default\">\n\t\t\t\t\t<div class=\"elementor-column elementor-col-100 elementor-top-column elementor-element elementor-element-ff470e0\" data-id=\"ff470e0\" data-element_type=\"column\" data-settings=\"{&quot;background_background&quot;:&quot;classic&quot;}\">\n\t\t\t<div class=\"elementor-widget-wrap elementor-element-populated\">\n\t\t\t\t\t\t<div class=\"elementor-element elementor-element-cf7b286 elementor-grid-5 elementor-grid-tablet-2 elementor-grid-mobile-1 elementor-posts--thumbnail-top elementor-widget elementor-widget-posts\" data-id=\"cf7b286\" data-element_type=\"widget\" data-settings=\"{&quot;classic_columns&quot;:&quot;5&quot;,&quot;classic_row_gap&quot;:{&quot;unit&quot;:&quot;px&quot;,&quot;size&quot;:23,&quot;sizes&quot;:[]},&quot;classic_masonry&quot;:&quot;yes&quot;,&quot;classic_columns_tablet&quot;:&quot;2&quot;,&quot;classic_columns_mobile&quot;:&quot;1&quot;,&quot;classic_row_gap_tablet&quot;:{&quot;unit&quot;:&quot;px&quot;,&quot;size&quot;:&quot;&quot;,&quot;sizes&quot;:[]},&quot;classic_row_gap_mobile&quot;:{&quot;unit&quot;:&quot;px&quot;,&quot;size&quot;:&quot;&quot;,&quot;sizes&quot;:[]}}\" data-widget_type=\"posts.classic\">\n\t\t\t\t<div class=\"elementor-widget-container\">\n\t\t\t<link rel=\"stylesheet\" href=\"https:\/\/endo.ba\/wp-content\/plugins\/elementor-pro\/assets\/css\/widget-posts.min.css\">\t\t<div class=\"elementor-posts-container elementor-posts elementor-posts--skin-classic elementor-grid\">\n\t\t\t\t<article class=\"elementor-post elementor-grid-item post-1069 post type-post status-publish format-standard has-post-thumbnail hentry category-uncategorized entry\">\n\t\t\t\t<a class=\"elementor-post__thumbnail__link\" href=\"https:\/\/endo.ba\/en\/okrugli-sto-povodom-prvog-evropskog-dana-hormona\/\" tabindex=\"-1\" >\n\t\t\t<div class=\"elementor-post__thumbnail\"><img fetchpriority=\"high\" decoding=\"async\" width=\"1707\" height=\"2560\" src=\"https:\/\/endo.ba\/wp-content\/uploads\/2022\/05\/286A8691-scaled.jpg\" class=\"attachment-full size-full wp-image-1071\" alt=\"\" style=\"width:100%;height:149.97%;max-width:1707px\" srcset=\"https:\/\/endo.ba\/wp-content\/uploads\/2022\/05\/286A8691-scaled.jpg 1707w, https:\/\/endo.ba\/wp-content\/uploads\/2022\/05\/286A8691-200x300.jpg 200w, https:\/\/endo.ba\/wp-content\/uploads\/2022\/05\/286A8691-683x1024.jpg 683w, https:\/\/endo.ba\/wp-content\/uploads\/2022\/05\/286A8691-768x1152.jpg 768w, https:\/\/endo.ba\/wp-content\/uploads\/2022\/05\/286A8691-1024x1536.jpg 1024w, https:\/\/endo.ba\/wp-content\/uploads\/2022\/05\/286A8691-1365x2048.jpg 1365w, https:\/\/endo.ba\/wp-content\/uploads\/2022\/05\/286A8691-8x12.jpg 8w, https:\/\/endo.ba\/wp-content\/uploads\/2022\/05\/286A8691-1568x2352.jpg 1568w\" sizes=\"(max-width: 1707px) 100vw, 1707px\" \/><\/div>\n\t\t<\/a>\n\t\t\t\t<div class=\"elementor-post__text\">\n\t\t\t\t<h3 class=\"elementor-post__title\">\n\t\t\t<a href=\"https:\/\/endo.ba\/en\/okrugli-sto-povodom-prvog-evropskog-dana-hormona\/\" >\n\t\t\t\tOKRUGLI STO POVODOM PRVOG EVROPSKOG DANA HORMONA\t\t\t<\/a>\n\t\t<\/h3>\n\t\t\t\t<div class=\"elementor-post__meta-data\">\n\t\t\t\t\t<span class=\"elementor-post-date\">\n\t\t\tMay 22, 2022\t\t<\/span>\n\t\t\t\t<\/div>\n\t\t\n\t\t<a class=\"elementor-post__read-more\" href=\"https:\/\/endo.ba\/en\/okrugli-sto-povodom-prvog-evropskog-dana-hormona\/\" aria-label=\"Read more about OKRUGLI STO POVODOM PRVOG EVROPSKOG DANA HORMONA\" tabindex=\"-1\" >\n\t\t\tRead More \u00bb\t\t<\/a>\n\n\t\t\t\t<\/div>\n\t\t\t\t<\/article>\n\t\t\t\t<article class=\"elementor-post elementor-grid-item post-1065 post type-post status-publish format-standard hentry category-uncategorized entry\">\n\t\t\t\t<div class=\"elementor-post__text\">\n\t\t\t\t<h3 class=\"elementor-post__title\">\n\t\t\t<a href=\"https:\/\/endo.ba\/en\/saopstenje-za-javnost-prvi-evropski-dan-hormona\/\" >\n\t\t\t\tSAOP\u0160TENJE ZA JAVNOST PRVI EVROPSKI DAN HORMONA\t\t\t<\/a>\n\t\t<\/h3>\n\t\t\t\t<div class=\"elementor-post__meta-data\">\n\t\t\t\t\t<span class=\"elementor-post-date\">\n\t\t\tMay 22, 2022\t\t<\/span>\n\t\t\t\t<\/div>\n\t\t\n\t\t<a class=\"elementor-post__read-more\" href=\"https:\/\/endo.ba\/en\/saopstenje-za-javnost-prvi-evropski-dan-hormona\/\" aria-label=\"Read more about SAOP\u0160TENJE ZA JAVNOST PRVI EVROPSKI DAN HORMONA\" tabindex=\"-1\" >\n\t\t\tRead More \u00bb\t\t<\/a>\n\n\t\t\t\t<\/div>\n\t\t\t\t<\/article>\n\t\t\t\t<article class=\"elementor-post elementor-grid-item post-800 post type-post status-publish format-standard has-post-thumbnail hentry category-uncategorized entry\">\n\t\t\t\t<a class=\"elementor-post__thumbnail__link\" href=\"https:\/\/endo.ba\/en\/svjetski-dan-dijabetesa\/\" tabindex=\"-1\" >\n\t\t\t<div class=\"elementor-post__thumbnail\"><img decoding=\"async\" width=\"612\" height=\"306\" src=\"https:\/\/endo.ba\/wp-content\/uploads\/2021\/11\/istockphoto-1256181306-612x612-1.jpg\" class=\"attachment-full size-full wp-image-802\" alt=\"\" style=\"width:100%;height:50%;max-width:612px\" srcset=\"https:\/\/endo.ba\/wp-content\/uploads\/2021\/11\/istockphoto-1256181306-612x612-1.jpg 612w, https:\/\/endo.ba\/wp-content\/uploads\/2021\/11\/istockphoto-1256181306-612x612-1-300x150.jpg 300w, https:\/\/endo.ba\/wp-content\/uploads\/2021\/11\/istockphoto-1256181306-612x612-1-18x9.jpg 18w\" sizes=\"(max-width: 612px) 100vw, 612px\" \/><\/div>\n\t\t<\/a>\n\t\t\t\t<div class=\"elementor-post__text\">\n\t\t\t\t<h3 class=\"elementor-post__title\">\n\t\t\t<a href=\"https:\/\/endo.ba\/en\/svjetski-dan-dijabetesa\/\" >\n\t\t\t\tSVJETSKI DAN DIJABETESA &#8211; 14.11.2021., 17:00h\t\t\t<\/a>\n\t\t<\/h3>\n\t\t\t\t<div class=\"elementor-post__meta-data\">\n\t\t\t\t\t<span class=\"elementor-post-date\">\n\t\t\tNovember 15, 2021\t\t<\/span>\n\t\t\t\t<\/div>\n\t\t\n\t\t<a class=\"elementor-post__read-more\" href=\"https:\/\/endo.ba\/en\/svjetski-dan-dijabetesa\/\" aria-label=\"Read more about SVJETSKI DAN DIJABETESA &#8211; 14.11.2021., 17:00h\" tabindex=\"-1\" >\n\t\t\tRead More \u00bb\t\t<\/a>\n\n\t\t\t\t<\/div>\n\t\t\t\t<\/article>\n\t\t\t\t<article class=\"elementor-post elementor-grid-item post-746 post type-post status-publish format-standard has-post-thumbnail hentry category-uncategorized entry\">\n\t\t\t\t<a class=\"elementor-post__thumbnail__link\" href=\"https:\/\/endo.ba\/en\/kompanija-sanofi-aventis-groupe-predstavnistvo-u-bih-pokrece-akciju-besplatnog-mjerenja-hba1c-za-pacijente-oboljele-od-secerne-bolesti-u-kantonu-sarajevo-u-periodu-od-10-11-15-12-2021-2000-mjeren\/\" tabindex=\"-1\" >\n\t\t\t<div class=\"elementor-post__thumbnail\"><img decoding=\"async\" width=\"3560\" height=\"750\" src=\"https:\/\/endo.ba\/wp-content\/uploads\/2021\/11\/Sanofi_logo_horizontal.png\" class=\"attachment-full size-full wp-image-744\" alt=\"\" style=\"width:100%;height:21.07%;max-width:3560px\" srcset=\"https:\/\/endo.ba\/wp-content\/uploads\/2021\/11\/Sanofi_logo_horizontal.png 3560w, https:\/\/endo.ba\/wp-content\/uploads\/2021\/11\/Sanofi_logo_horizontal-300x63.png 300w, https:\/\/endo.ba\/wp-content\/uploads\/2021\/11\/Sanofi_logo_horizontal-1024x216.png 1024w, https:\/\/endo.ba\/wp-content\/uploads\/2021\/11\/Sanofi_logo_horizontal-768x162.png 768w, https:\/\/endo.ba\/wp-content\/uploads\/2021\/11\/Sanofi_logo_horizontal-1536x324.png 1536w, https:\/\/endo.ba\/wp-content\/uploads\/2021\/11\/Sanofi_logo_horizontal-2048x431.png 2048w, https:\/\/endo.ba\/wp-content\/uploads\/2021\/11\/Sanofi_logo_horizontal-18x4.png 18w, https:\/\/endo.ba\/wp-content\/uploads\/2021\/11\/Sanofi_logo_horizontal-1568x330.png 1568w\" sizes=\"(max-width: 3560px) 100vw, 3560px\" \/><\/div>\n\t\t<\/a>\n\t\t\t\t<div class=\"elementor-post__text\">\n\t\t\t\t<h3 class=\"elementor-post__title\">\n\t\t\t<a href=\"https:\/\/endo.ba\/en\/kompanija-sanofi-aventis-groupe-predstavnistvo-u-bih-pokrece-akciju-besplatnog-mjerenja-hba1c-za-pacijente-oboljele-od-secerne-bolesti-u-kantonu-sarajevo-u-periodu-od-10-11-15-12-2021-2000-mjeren\/\" >\n\t\t\t\tKompanija sanofi aventis groupe, Predstavni\u0161tvo u BIH, pokre\u0107e akciju besplatnog mjerenja HbA1c za pacijente oboljele od \u0161e\u0107erne bolesti u Kantonu Sarajevo, u periodu od  10.11-15.12.2021 (2000 mjerenja).\t\t\t<\/a>\n\t\t<\/h3>\n\t\t\t\t<div class=\"elementor-post__meta-data\">\n\t\t\t\t\t<span class=\"elementor-post-date\">\n\t\t\tNovember 12, 2021\t\t<\/span>\n\t\t\t\t<\/div>\n\t\t\n\t\t<a class=\"elementor-post__read-more\" href=\"https:\/\/endo.ba\/en\/kompanija-sanofi-aventis-groupe-predstavnistvo-u-bih-pokrece-akciju-besplatnog-mjerenja-hba1c-za-pacijente-oboljele-od-secerne-bolesti-u-kantonu-sarajevo-u-periodu-od-10-11-15-12-2021-2000-mjeren\/\" aria-label=\"Read more about Kompanija sanofi aventis groupe, Predstavni\u0161tvo u BIH, pokre\u0107e akciju besplatnog mjerenja HbA1c za pacijente oboljele od \u0161e\u0107erne bolesti u Kantonu Sarajevo, u periodu od  10.11-15.12.2021 (2000 mjerenja).\" tabindex=\"-1\" >\n\t\t\tRead More \u00bb\t\t<\/a>\n\n\t\t\t\t<\/div>\n\t\t\t\t<\/article>\n\t\t\t\t<article class=\"elementor-post elementor-grid-item post-732 post type-post status-publish format-standard has-post-thumbnail hentry category-uncategorized entry\">\n\t\t\t\t<a class=\"elementor-post__thumbnail__link\" href=\"https:\/\/endo.ba\/en\/izvjestaj-satreceg-kongresa-endokrinologa-i-dijabetologa-u-bosni-i-hercegovini-sa-medjunarodnim-ucescem\/\" tabindex=\"-1\" >\n\t\t\t<div class=\"elementor-post__thumbnail\"><img loading=\"lazy\" decoding=\"async\" width=\"1600\" height=\"1200\" src=\"https:\/\/endo.ba\/wp-content\/uploads\/2021\/11\/Image10.jpg\" class=\"attachment-full size-full wp-image-735\" alt=\"\" style=\"width:100%;height:75%;max-width:1600px\" srcset=\"https:\/\/endo.ba\/wp-content\/uploads\/2021\/11\/Image10.jpg 1600w, https:\/\/endo.ba\/wp-content\/uploads\/2021\/11\/Image10-300x225.jpg 300w, https:\/\/endo.ba\/wp-content\/uploads\/2021\/11\/Image10-1024x768.jpg 1024w, https:\/\/endo.ba\/wp-content\/uploads\/2021\/11\/Image10-768x576.jpg 768w, https:\/\/endo.ba\/wp-content\/uploads\/2021\/11\/Image10-1536x1152.jpg 1536w, https:\/\/endo.ba\/wp-content\/uploads\/2021\/11\/Image10-16x12.jpg 16w, https:\/\/endo.ba\/wp-content\/uploads\/2021\/11\/Image10-1568x1176.jpg 1568w\" sizes=\"(max-width: 1600px) 100vw, 1600px\" \/><\/div>\n\t\t<\/a>\n\t\t\t\t<div class=\"elementor-post__text\">\n\t\t\t\t<h3 class=\"elementor-post__title\">\n\t\t\t<a href=\"https:\/\/endo.ba\/en\/izvjestaj-satreceg-kongresa-endokrinologa-i-dijabetologa-u-bosni-i-hercegovini-sa-medjunarodnim-ucescem\/\" >\n\t\t\t\tIZVJE\u0160TAJ SA TRE\u0106EG KONGRESA ENDOKRINOLOGA I DIJABETOLOGA  U BOSNI I HERCEGOVINI SA ME\u0110UNARODNIM U\u010cE\u0160\u0106EM\t\t\t<\/a>\n\t\t<\/h3>\n\t\t\t\t<div class=\"elementor-post__meta-data\">\n\t\t\t\t\t<span class=\"elementor-post-date\">\n\t\t\tNovember 5, 2021\t\t<\/span>\n\t\t\t\t<\/div>\n\t\t\n\t\t<a class=\"elementor-post__read-more\" href=\"https:\/\/endo.ba\/en\/izvjestaj-satreceg-kongresa-endokrinologa-i-dijabetologa-u-bosni-i-hercegovini-sa-medjunarodnim-ucescem\/\" aria-label=\"Read more about IZVJE\u0160TAJ SA TRE\u0106EG KONGRESA ENDOKRINOLOGA I DIJABETOLOGA  U BOSNI I HERCEGOVINI SA ME\u0110UNARODNIM U\u010cE\u0160\u0106EM\" tabindex=\"-1\" >\n\t\t\tRead More \u00bb\t\t<\/a>\n\n\t\t\t\t<\/div>\n\t\t\t\t<\/article>\n\t\t\t\t<article class=\"elementor-post elementor-grid-item post-722 post type-post status-publish format-standard has-post-thumbnail hentry category-uncategorized entry\">\n\t\t\t\t<a class=\"elementor-post__thumbnail__link\" href=\"https:\/\/endo.ba\/en\/hormones-in-european-health-policies-how-endocrinologists-can-contribute-towards-a-healthier-europe\/\" tabindex=\"-1\" >\n\t\t\t<div class=\"elementor-post__thumbnail\"><img loading=\"lazy\" decoding=\"async\" width=\"885\" height=\"613\" src=\"https:\/\/endo.ba\/wp-content\/uploads\/2021\/09\/Capture.png\" class=\"attachment-full size-full wp-image-725\" alt=\"\" style=\"width:100%;height:69.27%;max-width:885px\" srcset=\"https:\/\/endo.ba\/wp-content\/uploads\/2021\/09\/Capture.png 885w, https:\/\/endo.ba\/wp-content\/uploads\/2021\/09\/Capture-300x208.png 300w, https:\/\/endo.ba\/wp-content\/uploads\/2021\/09\/Capture-768x532.png 768w, https:\/\/endo.ba\/wp-content\/uploads\/2021\/09\/Capture-18x12.png 18w\" sizes=\"(max-width: 885px) 100vw, 885px\" \/><\/div>\n\t\t<\/a>\n\t\t\t\t<div class=\"elementor-post__text\">\n\t\t\t\t<h3 class=\"elementor-post__title\">\n\t\t\t<a href=\"https:\/\/endo.ba\/en\/hormones-in-european-health-policies-how-endocrinologists-can-contribute-towards-a-healthier-europe\/\" >\n\t\t\t\tHORMONI U EVROPSKIM ZDRAVSTVENIM POLITIKAMA: KAKO ENDOKRINOLOZI MOGU DOPRINIJETI ZDRAVIJOJ EVROPI\t\t\t<\/a>\n\t\t<\/h3>\n\t\t\t\t<div class=\"elementor-post__meta-data\">\n\t\t\t\t\t<span class=\"elementor-post-date\">\n\t\t\tSeptember 23, 2021\t\t<\/span>\n\t\t\t\t<\/div>\n\t\t\n\t\t<a class=\"elementor-post__read-more\" href=\"https:\/\/endo.ba\/en\/hormones-in-european-health-policies-how-endocrinologists-can-contribute-towards-a-healthier-europe\/\" aria-label=\"Read more about HORMONI U EVROPSKIM ZDRAVSTVENIM POLITIKAMA: KAKO ENDOKRINOLOZI MOGU DOPRINIJETI ZDRAVIJOJ EVROPI\" tabindex=\"-1\" >\n\t\t\tRead More \u00bb\t\t<\/a>\n\n\t\t\t\t<\/div>\n\t\t\t\t<\/article>\n\t\t\t\t<article class=\"elementor-post elementor-grid-item post-291 post type-post status-publish format-standard has-post-thumbnail hentry category-uncategorized entry\">\n\t\t\t\t<a class=\"elementor-post__thumbnail__link\" href=\"https:\/\/endo.ba\/en\/od-02-do-04-novembra-2018-godine-u-sarajevu-u-hotelu-novotel-bristol-odrzan-je-prvi-easd-postdiplomski-tecaj-o-klinickom-dijabetesu-i-njegovim-komplikacijama\/\" tabindex=\"-1\" >\n\t\t\t<div class=\"elementor-post__thumbnail\"><img loading=\"lazy\" decoding=\"async\" width=\"2560\" height=\"2105\" src=\"https:\/\/endo.ba\/wp-content\/uploads\/2021\/09\/konferencija-bristol-wills-dron-1-1-scaled.jpg\" class=\"attachment-full size-full wp-image-347\" alt=\"\" style=\"width:100%;height:82.23%;max-width:2560px\" srcset=\"https:\/\/endo.ba\/wp-content\/uploads\/2021\/09\/konferencija-bristol-wills-dron-1-1-scaled.jpg 2560w, https:\/\/endo.ba\/wp-content\/uploads\/2021\/09\/konferencija-bristol-wills-dron-1-1-300x247.jpg 300w, https:\/\/endo.ba\/wp-content\/uploads\/2021\/09\/konferencija-bristol-wills-dron-1-1-1024x842.jpg 1024w, https:\/\/endo.ba\/wp-content\/uploads\/2021\/09\/konferencija-bristol-wills-dron-1-1-768x631.jpg 768w, https:\/\/endo.ba\/wp-content\/uploads\/2021\/09\/konferencija-bristol-wills-dron-1-1-1536x1263.jpg 1536w, https:\/\/endo.ba\/wp-content\/uploads\/2021\/09\/konferencija-bristol-wills-dron-1-1-2048x1684.jpg 2048w, https:\/\/endo.ba\/wp-content\/uploads\/2021\/09\/konferencija-bristol-wills-dron-1-1-15x12.jpg 15w, https:\/\/endo.ba\/wp-content\/uploads\/2021\/09\/konferencija-bristol-wills-dron-1-1-1568x1289.jpg 1568w\" sizes=\"(max-width: 2560px) 100vw, 2560px\" \/><\/div>\n\t\t<\/a>\n\t\t\t\t<div class=\"elementor-post__text\">\n\t\t\t\t<h3 class=\"elementor-post__title\">\n\t\t\t<a href=\"https:\/\/endo.ba\/en\/od-02-do-04-novembra-2018-godine-u-sarajevu-u-hotelu-novotel-bristol-odrzan-je-prvi-easd-postdiplomski-tecaj-o-klinickom-dijabetesu-i-njegovim-komplikacijama\/\" >\n\t\t\t\tOd 02. do 04. novembra 2018. godine u Sarajevu u hotelu Novotel &#8211; Bristol, odr\u017ean je Prvi EASD postdiplomski te\u010daj o klini\u010dkom dijabetesu i njegovim komplikacijama.\t\t\t<\/a>\n\t\t<\/h3>\n\t\t\t\t<div class=\"elementor-post__meta-data\">\n\t\t\t\t\t<span class=\"elementor-post-date\">\n\t\t\tNovember 4, 2018\t\t<\/span>\n\t\t\t\t<\/div>\n\t\t\n\t\t<a class=\"elementor-post__read-more\" href=\"https:\/\/endo.ba\/en\/od-02-do-04-novembra-2018-godine-u-sarajevu-u-hotelu-novotel-bristol-odrzan-je-prvi-easd-postdiplomski-tecaj-o-klinickom-dijabetesu-i-njegovim-komplikacijama\/\" aria-label=\"Read more about Od 02. do 04. novembra 2018. godine u Sarajevu u hotelu Novotel &#8211; Bristol, odr\u017ean je Prvi EASD postdiplomski te\u010daj o klini\u010dkom dijabetesu i njegovim komplikacijama.\" tabindex=\"-1\" >\n\t\t\tRead More \u00bb\t\t<\/a>\n\n\t\t\t\t<\/div>\n\t\t\t\t<\/article>\n\t\t\t\t<article class=\"elementor-post elementor-grid-item post-557 post type-post status-publish format-standard has-post-thumbnail hentry category-uncategorized entry\">\n\t\t\t\t<a class=\"elementor-post__thumbnail__link\" href=\"https:\/\/endo.ba\/en\/danas-je-u-sarajevu-poceo-sa-radom-2-kongres-endokrinologa-i-dijabetologa-sa-medjunarodnim-ucescem\/\" tabindex=\"-1\" >\n\t\t\t<div class=\"elementor-post__thumbnail\"><img loading=\"lazy\" decoding=\"async\" width=\"1404\" height=\"935\" src=\"https:\/\/endo.ba\/wp-content\/uploads\/2021\/09\/organizatori-kongresa.jpg\" class=\"attachment-full size-full wp-image-558\" alt=\"\" style=\"width:100%;height:66.6%;max-width:1404px\" srcset=\"https:\/\/endo.ba\/wp-content\/uploads\/2021\/09\/organizatori-kongresa.jpg 1404w, https:\/\/endo.ba\/wp-content\/uploads\/2021\/09\/organizatori-kongresa-300x200.jpg 300w, https:\/\/endo.ba\/wp-content\/uploads\/2021\/09\/organizatori-kongresa-1024x682.jpg 1024w, https:\/\/endo.ba\/wp-content\/uploads\/2021\/09\/organizatori-kongresa-768x511.jpg 768w, https:\/\/endo.ba\/wp-content\/uploads\/2021\/09\/organizatori-kongresa-18x12.jpg 18w\" sizes=\"(max-width: 1404px) 100vw, 1404px\" \/><\/div>\n\t\t<\/a>\n\t\t\t\t<div class=\"elementor-post__text\">\n\t\t\t\t<h3 class=\"elementor-post__title\">\n\t\t\t<a href=\"https:\/\/endo.ba\/en\/danas-je-u-sarajevu-poceo-sa-radom-2-kongres-endokrinologa-i-dijabetologa-sa-medjunarodnim-ucescem\/\" >\n\t\t\t\tDanas je u Sarajevu po\u010deo sa radom 2.kongres endokrinologa i dijabetologa sa me\u0111unarodnim u\u010de\u0161\u0107em.\t\t\t<\/a>\n\t\t<\/h3>\n\t\t\t\t<div class=\"elementor-post__meta-data\">\n\t\t\t\t\t<span class=\"elementor-post-date\">\n\t\t\tApril 19, 2018\t\t<\/span>\n\t\t\t\t<\/div>\n\t\t\n\t\t<a class=\"elementor-post__read-more\" href=\"https:\/\/endo.ba\/en\/danas-je-u-sarajevu-poceo-sa-radom-2-kongres-endokrinologa-i-dijabetologa-sa-medjunarodnim-ucescem\/\" aria-label=\"Read more about Danas je u Sarajevu po\u010deo sa radom 2.kongres endokrinologa i dijabetologa sa me\u0111unarodnim u\u010de\u0161\u0107em.\" tabindex=\"-1\" >\n\t\t\tRead More \u00bb\t\t<\/a>\n\n\t\t\t\t<\/div>\n\t\t\t\t<\/article>\n\t\t\t\t<article class=\"elementor-post elementor-grid-item post-355 post type-post status-publish format-standard has-post-thumbnail hentry category-uncategorized entry\">\n\t\t\t\t<a class=\"elementor-post__thumbnail__link\" href=\"https:\/\/endo.ba\/en\/u-hotelu-holiday-u-sarajevu-je-od-23-do-26-aprila-2015-godine-odrzan-i-uspjesno-zavrsen-prvi-kongres-endokrinologa-i-dijabetologa-u-bosni-i-hercegovini-sa-medjuanordnim-ucescem\/\" tabindex=\"-1\" >\n\t\t\t<div class=\"elementor-post__thumbnail\"><img loading=\"lazy\" decoding=\"async\" width=\"938\" height=\"625\" src=\"https:\/\/endo.ba\/wp-content\/uploads\/2021\/09\/3.jpg\" class=\"attachment-full size-full wp-image-356\" alt=\"\" style=\"width:100%;height:66.63%;max-width:938px\" srcset=\"https:\/\/endo.ba\/wp-content\/uploads\/2021\/09\/3.jpg 938w, https:\/\/endo.ba\/wp-content\/uploads\/2021\/09\/3-300x200.jpg 300w, https:\/\/endo.ba\/wp-content\/uploads\/2021\/09\/3-768x512.jpg 768w, https:\/\/endo.ba\/wp-content\/uploads\/2021\/09\/3-18x12.jpg 18w\" sizes=\"(max-width: 938px) 100vw, 938px\" \/><\/div>\n\t\t<\/a>\n\t\t\t\t<div class=\"elementor-post__text\">\n\t\t\t\t<h3 class=\"elementor-post__title\">\n\t\t\t<a href=\"https:\/\/endo.ba\/en\/u-hotelu-holiday-u-sarajevu-je-od-23-do-26-aprila-2015-godine-odrzan-i-uspjesno-zavrsen-prvi-kongres-endokrinologa-i-dijabetologa-u-bosni-i-hercegovini-sa-medjuanordnim-ucescem\/\" >\n\t\t\t\tU hotelu Holiday u Sarajevu je od 23. do 26. aprila 2015.godine odr\u017ean\u00a0 i uspje\u0161no zavr\u0161en Prvi kongres endokrinologa i dijabetologa u Bosni i Hercegovini sa me\u0111uanordnim u\u010de\u0161\u0107em\t\t\t<\/a>\n\t\t<\/h3>\n\t\t\t\t<div class=\"elementor-post__meta-data\">\n\t\t\t\t\t<span class=\"elementor-post-date\">\n\t\t\tApril 27, 2015\t\t<\/span>\n\t\t\t\t<\/div>\n\t\t\n\t\t<a class=\"elementor-post__read-more\" href=\"https:\/\/endo.ba\/en\/u-hotelu-holiday-u-sarajevu-je-od-23-do-26-aprila-2015-godine-odrzan-i-uspjesno-zavrsen-prvi-kongres-endokrinologa-i-dijabetologa-u-bosni-i-hercegovini-sa-medjuanordnim-ucescem\/\" aria-label=\"Read more about U hotelu Holiday u Sarajevu je od 23. do 26. aprila 2015.godine odr\u017ean\u00a0 i uspje\u0161no zavr\u0161en Prvi kongres endokrinologa i dijabetologa u Bosni i Hercegovini sa me\u0111uanordnim u\u010de\u0161\u0107em\" tabindex=\"-1\" >\n\t\t\tRead More \u00bb\t\t<\/a>\n\n\t\t\t\t<\/div>\n\t\t\t\t<\/article>\n\t\t\t\t<\/div>\n\t\t\n\t\t\t\t<\/div>\n\t\t\t\t<\/div>\n\t\t\t\t\t<\/div>\n\t\t<\/div>\n\t\t\t\t\t<\/div>\n\t\t<\/section>\n\t\t\t\t<\/div>","protected":false},"excerpt":{"rendered":"","protected":false},"author":1,"featured_media":0,"parent":0,"menu_order":0,"comment_status":"closed","ping_status":"closed","template":"elementor_header_footer","meta":{"footnotes":""},"class_list":["post-813","page","type-page","status-publish","hentry","entry"],"_links":{"self":[{"href":"https:\/\/endo.ba\/en\/wp-json\/wp\/v2\/pages\/813","targetHints":{"allow":["GET"]}}],"collection":[{"href":"https:\/\/endo.ba\/en\/wp-json\/wp\/v2\/pages"}],"about":[{"href":"https:\/\/endo.ba\/en\/wp-json\/wp\/v2\/types\/page"}],"author":[{"embeddable":true,"href":"https:\/\/endo.ba\/en\/wp-json\/wp\/v2\/users\/1"}],"replies":[{"embeddable":true,"href":"https:\/\/endo.ba\/en\/wp-json\/wp\/v2\/comments?post=813"}],"version-history":[{"count":0,"href":"https:\/\/endo.ba\/en\/wp-json\/wp\/v2\/pages\/813\/revisions"}],"wp:attachment":[{"href":"https:\/\/endo.ba\/en\/wp-json\/wp\/v2\/media?parent=813"}],"curies":[{"name":"wp","href":"https:\/\/api.w.org\/{rel}","templated":true}]}}